{"id":151,"date":"2022-01-11T08:00:11","date_gmt":"2022-01-11T08:00:11","guid":{"rendered":"http:\/\/fsdriving.themerex.net\/?page_id=151"},"modified":"2025-09-24T04:15:31","modified_gmt":"2025-09-24T04:15:31","slug":"o-kurzu","status":"publish","type":"page","link":"https:\/\/www.autoskola-petra.cz\/index.php\/o-kurzu\/","title":{"rendered":"O kurzu"},"content":{"rendered":"<p>[vc_row css=&#8220;.vc_custom_1642869327905{margin-top: 3em !important;}&#8220;][vc_column css=&#8220;.vc_custom_1487252730550{background-position: 0 0 !important;background-repeat: no-repeat !important;}&#8220;]<div id=\"sc_title_937431884\"\n\t\tclass=\"sc_title sc_title_default\"><h6 class=\"sc_item_subtitle sc_title_subtitle sc_align_left sc_item_title_style_default\">o kurzu<\/h6><h6 class=\"sc_item_title sc_title_title sc_align_left sc_item_title_style_default sc_item_title_tag\">Auto\u0161kola<\/h6><\/div><!-- \/.sc_title -->[vc_separator css=&#8220;.vc_custom_1642869311759{margin-top: 1.7em !important;margin-bottom: 1.7em !important;}&#8220;][vc_custom_heading text=&#8220;<\/p>\n<p align=``justify``>V na\u0161\u00ed auto\u0161kole p\u0159iprav\u00edme studenty v\u0161ech v\u011bkov\u00fdch kategori\u00ed k \u00fasp\u011b\u0161n\u00e9mu z\u00edsk\u00e1n\u00ed \u0159idi\u010dsk\u00e9ho opr\u00e1vn\u011bn\u00ed. S n\u00e1mi v sob\u011b najdete s\u00edlu a jistotu ovl\u00e1dat vozidlo. B\u00fdt schopni zvl\u00e1dat n\u00e1ro\u010dn\u00e9 dopravn\u00ed situace s klidem a \u00fasm\u011bvem. V\u011b\u0159\u00edme, \u017ee d\u00edky Va\u0161\u00ed spolupr\u00e1ci a na\u0161emu spole\u010dn\u00e9mu \u00fasil\u00ed, \u00fasp\u011b\u0161n\u011b zvl\u00e1dnete zkou\u0161ku, ke kter\u00e9 V\u00e1s p\u0159iprav\u00edme. \u0158\u00edzen\u00ed vozidla se pro V\u00e1s stane ka\u017edodenn\u00ed rutinou. D\u016fle\u017eitou sou\u010d\u00e1st\u00ed v\u00fduky je nau\u010dit se \u0159\u00eddit ohledupln\u011b, samostatn\u011b, bezpe\u010dn\u011b a nau\u010dit se p\u0159edv\u00eddat.&#8220; font_container=&#8220;tag:div|font_size:16px|text_align:left|line_height:24px&#8220; google_fonts=&#8220;font_family:Open%20Sans%3A300%2C300italic%2Cregular%2Citalic%2C600%2C600italic%2C700%2C700italic%2C800%2C800italic|font_style:400%20regular%3A400%3Anormal&#8220; css=&#8220;.vc_custom_1642874353025{margin-top: 1.7em !important;}&#8220;][vc_custom_heading text=&#8220;V kurzu na V\u00e1s \u010dek\u00e1 28 vyu\u010dovac\u00edch hodin, kter\u00e9 jsou dan\u00e9 z\u00e1konem. V p\u0159\u00edpad\u011b pot\u0159eby m\u016f\u017eete absolvovat v\u00edce j\u00edzd.<br \/>\nZkou\u0161ka se skl\u00e1d\u00e1 z teoretick\u00e9 (elektronick\u00fd test) a \u010d\u00e1sti praktick\u00e9 (\u00fadr\u017eba vozidla a j\u00edzda v provozu).<\/p>\n<p>Nau\u010d\u00edme V\u00e1s:&#8220; font_container=&#8220;tag:div|font_size:16px|text_align:left|line_height:24px&#8220; google_fonts=&#8220;font_family:Open%20Sans%3A300%2C300italic%2Cregular%2Citalic%2C600%2C600italic%2C700%2C700italic%2C800%2C800italic|font_style:400%20regular%3A400%3Anormal&#8220; css=&#8220;.vc_custom_1642874810663{margin-top: 1.7em !important;}&#8220;][\/vc_column][\/vc_row][vc_row][vc_column width=&#8220;1\/2&#8243;][vc_column_text]<\/p>\n<ul class=\"trx_addons_list_success_circled\">\n<li>Zkontrolovat vozidlo p\u0159ed j\u00edzdou<\/li>\n<li>Se\u0159\u00eddit spr\u00e1vnou pozici volantu, seda\u010dky a zrc\u00e1tek<\/li>\n<li>Parkovat pod\u00e9ln\u011b, zasouv\u00e1n\u00edm a i klasicky pop\u0159edu<\/li>\n<\/ul>\n<p>[\/vc_column_text][\/vc_column][vc_column width=&#8220;1\/2&#8243;][vc_column_text]<\/p>\n<ul class=\"trx_addons_list_success_circled\">\n<li>J\u00edzdu v kruhov\u00e9m objezdu<\/li>\n<li>P\u0159ej\u00ed\u017ed\u011bn\u00ed a \u0159azen\u00ed do jin\u00fdch j\u00edzdn\u00edch pruh\u016f<\/li>\n<li>J\u00edzdu p\u0159es k\u0159i\u017eovatky \u0159\u00edzen\u00e9 sv\u011bteln\u00fdmi sign\u00e1ly i bez sv\u011bteln\u00fdch sign\u00e1l\u016f<\/li>\n<\/ul>\n<p>[\/vc_column_text][\/vc_column][\/vc_row][vc_row css=&#8220;.vc_custom_1642869327905{margin-top: 3em !important;}&#8220;][vc_column css=&#8220;.vc_custom_1487252730550{background-position: 0 0 !important;background-repeat: no-repeat !important;}&#8220;]<div id=\"sc_title_689641128\"\n\t\tclass=\"sc_title sc_title_default\"><h6 class=\"sc_item_subtitle sc_title_subtitle sc_align_left sc_item_title_style_default\">o kurzu<\/h6><h6 class=\"sc_item_title sc_title_title sc_align_left sc_item_title_style_default sc_item_title_tag\">Na\u0161i instrukto\u0159i<\/h6><\/div><!-- \/.sc_title -->[vc_separator css=&#8220;.vc_custom_1642869311759{margin-top: 1.7em !important;margin-bottom: 1.7em !important;}&#8220;][\/vc_column][\/vc_row][vc_row][vc_column width=&#8220;1\/2&#8243; offset=&#8220;vc_hidden-sm vc_hidden-xs&#8220;][vc_custom_heading text=&#8220;Petra Pilcov\u00e1&#8220; font_container=&#8220;tag:h3|font_size:24|text_align:center&#8220; google_fonts=&#8220;font_family:Open%20Sans%3A300%2C300italic%2Cregular%2Citalic%2C600%2C600italic%2C700%2C700italic%2C800%2C800italic|font_style:400%20regular%3A400%3Anormal&#8220;][vc_text_separator title=&#8220;&#8220; i_icon_fontawesome=&#8220;icon-car-wheel&#8220; i_color=&#8220;custom&#8220; i_size=&#8220;sm&#8220; el_width=&#8220;40&#8243; add_icon=&#8220;true&#8220; i_custom_color=&#8220;#f6b416&#8243; css=&#8220;.vc_custom_1642873882546{margin-top: -1.5em !important;}&#8220;][vc_column_text css=&#8220;.vc_custom_1642873866337{margin-top: -5em !important;}&#8220;]<\/p>\n<p style=\"text-align: justify; text-indent: 35.4pt;\">Moje praxe za\u010dala v ru\u0161n\u00e9 Praze, od t\u00e9 doby mi rukama ro\u010dn\u011b projde n\u011bkolik des\u00edtek lid\u00ed. Pokud si p\u0159ejete d\u011blat auto\u0161kolu, tak jsem tu p\u0159esn\u011b pro V\u00e1s. Nab\u00edz\u00edm individu\u00e1ln\u00ed kurzy s osobn\u00edm a lidsk\u00fdm p\u0159\u00edstupem bez k\u0159iku. V nab\u00eddce m\u00e1m tak\u00e9 kurzy na z\u00edsk\u00e1n\u00ed \u0159idi\u010dsk\u00e9ho pr\u016fkazu na skupinu B\/tedy osob\u00e1k. Kurzy jsou individu\u00e1ln\u00ed, stejn\u011b jako v\u00fduka teorie. Nebr\u00e1n\u00edm se klient\u016fm, kte\u0159\u00ed nejsou spokojen\u00ed ve st\u00e1vaj\u00edc\u00ed auto\u0161kole a cht\u011bj\u00ed p\u0159ej\u00edt (i to je mo\u017en\u00e9). V p\u0159\u00edpad\u011b, \u017ee u\u017e jste dr\u017eitelem \u0159idi\u010dsk\u00e9ho opr\u00e1vn\u011bn\u00ed, chcete se zdokonalit, nebo si nejste s n\u011bjak\u00fdm \u00fakonem jist\u00ed, obra\u0165te se na m\u011b a v\u0161e hrav\u011b zvl\u00e1dneme. Ka\u017ed\u00fd se u\u010d\u00ed sv\u00fdm tempem, a proto nebude probl\u00e9m si na V\u00e1s ud\u011blat dostatek \u010dasu.<\/p>\n<p>[\/vc_column_text][vc_single_image image=&#8220;1101&#8243; img_size=&#8220;large&#8220; css=&#8220;.vc_custom_1642873493587{margin-top: 2em !important;}&#8220;][\/vc_column][vc_column width=&#8220;1\/2&#8243; offset=&#8220;vc_hidden-sm vc_hidden-xs&#8220;][vc_single_image image=&#8220;953&#8243; img_size=&#8220;large&#8220;][vc_custom_heading text=&#8220;Tom\u00e1\u0161 Mr\u0148\u00e1k&#8220; font_container=&#8220;tag:h3|font_size:24|text_align:center&#8220; google_fonts=&#8220;font_family:Open%20Sans%3A300%2C300italic%2Cregular%2Citalic%2C600%2C600italic%2C700%2C700italic%2C800%2C800italic|font_style:400%20regular%3A400%3Anormal&#8220;][vc_text_separator title=&#8220;&#8220; i_icon_fontawesome=&#8220;icon-car-wheel&#8220; i_color=&#8220;custom&#8220; i_size=&#8220;sm&#8220; el_width=&#8220;40&#8243; add_icon=&#8220;true&#8220; i_custom_color=&#8220;#546c9c&#8220; css=&#8220;.vc_custom_1642873840265{margin-top: -1.5em !important;}&#8220;][vc_column_text css=&#8220;.vc_custom_1642874569748{margin-top: -5em !important;}&#8220;]<\/p>\n<p style=\"text-align: justify; text-indent: 35.4pt;\">Instruktorem v auto\u0161kole jsem 5. rokem. M\u00e1m zku\u0161enosti v auto\u0161kole v Praze, v Kol\u00edn\u011b a v sou\u010dasn\u00e9 dob\u011b i v Kutn\u00e9 Ho\u0159e. Jako instruktor v auto\u0161kole se sna\u017e\u00edm p\u0159izp\u016fsobit v\u00fduku Va\u0161\u00ed osobnosti, tak abych V\u00e1s p\u0159ipravil nejen na zvl\u00e1dnut\u00ed z\u00e1v\u011bre\u010dn\u00e9 zkou\u0161ky, ale zejm\u00e9na na ka\u017edodenn\u00ed u\u017e\u00edv\u00e1n\u00ed vozidla. Na praktick\u00fd v\u00fdcvik ve vozidle p\u0159in\u00e1\u0161\u00edm i sv\u00e9 zku\u0161enosti z policejn\u00ed praxe, co\u017e je m\u00fdm hlavn\u00edm povol\u00e1n\u00edm. Se mnou v aut\u011b se nebudete ni\u010deho b\u00e1t. B\u011bhem v\u00fduky na V\u00e1s p\u0159enesu klid a pohodu a z\u00edsk\u00e1te tak jistotu ve sv\u00fdch \u0159idi\u010dsk\u00fdch schopnostech.<\/p>\n<p>[\/vc_column_text][\/vc_column][\/vc_row][vc_row][vc_column width=&#8220;1\/2&#8243; offset=&#8220;vc_hidden-lg vc_hidden-md&#8220;][vc_custom_heading text=&#8220;Petra Pilcov\u00e1&#8220; font_container=&#8220;tag:h3|font_size:24|text_align:center&#8220; google_fonts=&#8220;font_family:Open%20Sans%3A300%2C300italic%2Cregular%2Citalic%2C600%2C600italic%2C700%2C700italic%2C800%2C800italic|font_style:400%20regular%3A400%3Anormal&#8220;][vc_column_text]<\/p>\n<p style=\"text-align: justify; text-indent: 35.4pt;\">Moje praxe za\u010dala v ru\u0161n\u00e9 Praze, od t\u00e9 doby mi rukama ro\u010dn\u011b projde n\u011bkolik des\u00edtek lid\u00ed. Pokud si p\u0159ejete d\u011blat auto\u0161kolu, tak jsem tu p\u0159esn\u011b pro V\u00e1s. Nab\u00edz\u00edm individu\u00e1ln\u00ed kurzy s osobn\u00edm a lidsk\u00fdm p\u0159\u00edstupem bez k\u0159iku. V nab\u00eddce m\u00e1m tak\u00e9 kurzy na z\u00edsk\u00e1n\u00ed \u0159idi\u010dsk\u00e9ho pr\u016fkazu na skupinu B\/tedy osob\u00e1k. Kurzy jsou individu\u00e1ln\u00ed, stejn\u011b jako v\u00fduka teorie. Nebr\u00e1n\u00edm se klient\u016fm, kte\u0159\u00ed nejsou spokojen\u00ed ve st\u00e1vaj\u00edc\u00ed auto\u0161kole a cht\u011bj\u00ed p\u0159ej\u00edt (i to je mo\u017en\u00e9). V p\u0159\u00edpad\u011b, \u017ee u\u017e jste dr\u017eitelem \u0159idi\u010dsk\u00e9ho opr\u00e1vn\u011bn\u00ed, chcete se zdokonalit, nebo si nejste s n\u011bjak\u00fdm \u00fakonem jist\u00ed, obra\u0165te se na m\u011b a v\u0161e hrav\u011b zvl\u00e1dneme. Ka\u017ed\u00fd se u\u010d\u00ed sv\u00fdm tempem, a proto nebude probl\u00e9m si na V\u00e1s ud\u011blat dostatek \u010dasu.<\/p>\n<p>[\/vc_column_text][vc_single_image image=&#8220;953&#8243; img_size=&#8220;large&#8220; css=&#8220;.vc_custom_1642942542101{margin-top: 2em !important;}&#8220;][\/vc_column][vc_column width=&#8220;1\/2&#8243; offset=&#8220;vc_hidden-lg vc_hidden-md&#8220;][vc_custom_heading text=&#8220;Tom\u00e1\u0161 Mr\u0148\u00e1k&#8220; font_container=&#8220;tag:h3|font_size:24|text_align:center&#8220; google_fonts=&#8220;font_family:Open%20Sans%3A300%2C300italic%2Cregular%2Citalic%2C600%2C600italic%2C700%2C700italic%2C800%2C800italic|font_style:400%20regular%3A400%3Anormal&#8220;][vc_column_text]<\/p>\n<p style=\"text-align: justify; text-indent: 35.4pt;\">Instruktorem v auto\u0161kole jsem 5. rokem. M\u00e1m zku\u0161enosti v auto\u0161kole v Praze, v Kol\u00edn\u011b a v sou\u010dasn\u00e9 dob\u011b i v Kutn\u00e9 Ho\u0159e. Jako instruktor v auto\u0161kole se sna\u017e\u00edm p\u0159izp\u016fsobit v\u00fduku Va\u0161\u00ed osobnosti, tak abych V\u00e1s p\u0159ipravil nejen na zvl\u00e1dnut\u00ed z\u00e1v\u011bre\u010dn\u00e9 zkou\u0161ky, ale zejm\u00e9na na ka\u017edodenn\u00ed u\u017e\u00edv\u00e1n\u00ed vozidla. Na praktick\u00fd v\u00fdcvik ve vozidle p\u0159in\u00e1\u0161\u00edm i sv\u00e9 zku\u0161enosti z policejn\u00ed praxe, co\u017e je m\u00fdm hlavn\u00edm povol\u00e1n\u00edm. Se mnou v aut\u011b se nebudete ni\u010deho b\u00e1t. B\u011bhem v\u00fduky na V\u00e1s p\u0159enesu klid a pohodu a z\u00edsk\u00e1te tak jistotu ve sv\u00fdch \u0159idi\u010dsk\u00fdch schopnostech.<\/p>\n<p>[\/vc_column_text][vc_single_image image=&#8220;1101&#8243; img_size=&#8220;large&#8220; css=&#8220;.vc_custom_1642873493587{margin-top: 2em !important;}&#8220;][\/vc_column][\/vc_row][vc_row css=&#8220;.vc_custom_1642874896369{margin-bottom: 3em !important;}&#8220;][vc_column][\/vc_column][\/vc_row]<\/p>\n","protected":false},"excerpt":{"rendered":"<p>[vc_row css=&#8220;.vc_custom_1642869327905{margin-top: 3em !important;}&#8220;][vc_column css=&#8220;.vc_custom_1487252730550{background-position: 0 0 !important;background-repeat: no-repeat !important;}&#8220;][vc_separator css=&#8220;.vc_custom_1642869311759{margin-top: 1.7em !important;margin-bottom: 1.7em !important;}&#8220;][vc_custom_heading text=&#8220; V na\u0161\u00ed auto\u0161kole p\u0159iprav\u00edme studenty v\u0161ech v\u011bkov\u00fdch kategori\u00ed k \u00fasp\u011b\u0161n\u00e9mu z\u00edsk\u00e1n\u00ed \u0159idi\u010dsk\u00e9ho opr\u00e1vn\u011bn\u00ed. S n\u00e1mi v sob\u011b najdete s\u00edlu a jistotu ovl\u00e1dat vozidlo. B\u00fdt schopni zvl\u00e1dat n\u00e1ro\u010dn\u00e9 dopravn\u00ed situace s klidem a \u00fasm\u011bvem. V\u011b\u0159\u00edme, \u017ee d\u00edky Va\u0161\u00ed spolupr\u00e1ci a na\u0161emu spole\u010dn\u00e9mu \u00fasil\u00ed, \u00fasp\u011b\u0161n\u011b zvl\u00e1dnete&hellip;<\/p>\n","protected":false},"author":1,"featured_media":0,"parent":0,"menu_order":0,"comment_status":"closed","ping_status":"closed","template":"","meta":{"footnotes":""},"class_list":["post-151","page","type-page","status-publish","hentry"],"yoast_head":"<!-- This site is optimized with the Yoast SEO plugin v27.3 - https:\/\/yoast.com\/product\/yoast-seo-wordpress\/ -->\n<title>Auto\u0161kola s individu\u00e1ln\u00edm p\u0159\u00edstupem - Auto\u0161kola Pilcov\u00e1<\/title>\n<meta name=\"description\" content=\"P\u0159ipojte se k n\u00e1m a zvl\u00e1dn\u011bte kurz auto\u0161koly na m\u00edru. Nau\u010d\u00edte se \u0159\u00eddit samostatn\u011b a bezpe\u010dn\u011b v re\u00e1ln\u00e9m provozu.\" \/>\n<meta name=\"robots\" content=\"index, follow, max-snippet:-1, max-image-preview:large, max-video-preview:-1\" \/>\n<link rel=\"canonical\" href=\"https:\/\/www.autoskola-petra.cz\/index.php\/o-kurzu\/\" \/>\n<meta property=\"og:locale\" content=\"cs_CZ\" \/>\n<meta property=\"og:type\" content=\"article\" \/>\n<meta property=\"og:title\" content=\"Auto\u0161kola s individu\u00e1ln\u00edm p\u0159\u00edstupem - Auto\u0161kola Pilcov\u00e1\" \/>\n<meta property=\"og:description\" content=\"P\u0159ipojte se k n\u00e1m a zvl\u00e1dn\u011bte kurz auto\u0161koly na m\u00edru. Nau\u010d\u00edte se \u0159\u00eddit samostatn\u011b a bezpe\u010dn\u011b v re\u00e1ln\u00e9m provozu.\" \/>\n<meta property=\"og:url\" content=\"https:\/\/www.autoskola-petra.cz\/index.php\/o-kurzu\/\" \/>\n<meta property=\"og:site_name\" content=\"Auto\u0161kola Pilcov\u00e1\" \/>\n<meta property=\"article:publisher\" content=\"https:\/\/www.facebook.com\/autoskola.petra.pilcova\" \/>\n<meta property=\"article:modified_time\" content=\"2025-09-24T04:15:31+00:00\" \/>\n<meta name=\"twitter:card\" content=\"summary_large_image\" \/>\n<meta name=\"twitter:label1\" content=\"Odhadovan\u00e1 doba \u010dten\u00ed\" \/>\n\t<meta name=\"twitter:data1\" content=\"4 minuty\" \/>\n<script type=\"application\/ld+json\" class=\"yoast-schema-graph\">{\"@context\":\"https:\\\/\\\/schema.org\",\"@graph\":[{\"@type\":\"WebPage\",\"@id\":\"https:\\\/\\\/www.autoskola-petra.cz\\\/index.php\\\/o-kurzu\\\/\",\"url\":\"https:\\\/\\\/www.autoskola-petra.cz\\\/index.php\\\/o-kurzu\\\/\",\"name\":\"Auto\u0161kola s individu\u00e1ln\u00edm p\u0159\u00edstupem - Auto\u0161kola Pilcov\u00e1\",\"isPartOf\":{\"@id\":\"https:\\\/\\\/www.autoskola-petra.cz\\\/#website\"},\"datePublished\":\"2022-01-11T08:00:11+00:00\",\"dateModified\":\"2025-09-24T04:15:31+00:00\",\"description\":\"P\u0159ipojte se k n\u00e1m a zvl\u00e1dn\u011bte kurz auto\u0161koly na m\u00edru. Nau\u010d\u00edte se \u0159\u00eddit samostatn\u011b a bezpe\u010dn\u011b v re\u00e1ln\u00e9m provozu.\",\"breadcrumb\":{\"@id\":\"https:\\\/\\\/www.autoskola-petra.cz\\\/index.php\\\/o-kurzu\\\/#breadcrumb\"},\"inLanguage\":\"cs\",\"potentialAction\":[{\"@type\":\"ReadAction\",\"target\":[\"https:\\\/\\\/www.autoskola-petra.cz\\\/index.php\\\/o-kurzu\\\/\"]}]},{\"@type\":\"BreadcrumbList\",\"@id\":\"https:\\\/\\\/www.autoskola-petra.cz\\\/index.php\\\/o-kurzu\\\/#breadcrumb\",\"itemListElement\":[{\"@type\":\"ListItem\",\"position\":1,\"name\":\"Dom\u016f\",\"item\":\"https:\\\/\\\/www.autoskola-petra.cz\\\/\"},{\"@type\":\"ListItem\",\"position\":2,\"name\":\"O kurzu\"}]},{\"@type\":\"WebSite\",\"@id\":\"https:\\\/\\\/www.autoskola-petra.cz\\\/#website\",\"url\":\"https:\\\/\\\/www.autoskola-petra.cz\\\/\",\"name\":\"Auto\u0161kola Petra Pilcov\u00e1\",\"description\":\"auto\u0161kola s \u00fasm\u011bvem\",\"publisher\":{\"@id\":\"https:\\\/\\\/www.autoskola-petra.cz\\\/#organization\"},\"potentialAction\":[{\"@type\":\"SearchAction\",\"target\":{\"@type\":\"EntryPoint\",\"urlTemplate\":\"https:\\\/\\\/www.autoskola-petra.cz\\\/?s={search_term_string}\"},\"query-input\":{\"@type\":\"PropertyValueSpecification\",\"valueRequired\":true,\"valueName\":\"search_term_string\"}}],\"inLanguage\":\"cs\"},{\"@type\":\"Organization\",\"@id\":\"https:\\\/\\\/www.autoskola-petra.cz\\\/#organization\",\"name\":\"Auto\u0161kola Petra Pilcov\u00e1\",\"url\":\"https:\\\/\\\/www.autoskola-petra.cz\\\/\",\"logo\":{\"@type\":\"ImageObject\",\"inLanguage\":\"cs\",\"@id\":\"https:\\\/\\\/www.autoskola-petra.cz\\\/#\\\/schema\\\/logo\\\/image\\\/\",\"url\":\"https:\\\/\\\/www.autoskola-petra.cz\\\/wp-content\\\/uploads\\\/2022\\\/01\\\/272172466_480024636851059_3395595873616766619_n.png\",\"contentUrl\":\"https:\\\/\\\/www.autoskola-petra.cz\\\/wp-content\\\/uploads\\\/2022\\\/01\\\/272172466_480024636851059_3395595873616766619_n.png\",\"width\":1530,\"height\":374,\"caption\":\"Auto\u0161kola Petra Pilcov\u00e1\"},\"image\":{\"@id\":\"https:\\\/\\\/www.autoskola-petra.cz\\\/#\\\/schema\\\/logo\\\/image\\\/\"},\"sameAs\":[\"https:\\\/\\\/www.facebook.com\\\/autoskola.petra.pilcova\"]}]}<\/script>\n<!-- \/ Yoast SEO plugin. -->","yoast_head_json":{"title":"Auto\u0161kola s individu\u00e1ln\u00edm p\u0159\u00edstupem - Auto\u0161kola Pilcov\u00e1","description":"P\u0159ipojte se k n\u00e1m a zvl\u00e1dn\u011bte kurz auto\u0161koly na m\u00edru. Nau\u010d\u00edte se \u0159\u00eddit samostatn\u011b a bezpe\u010dn\u011b v re\u00e1ln\u00e9m provozu.","robots":{"index":"index","follow":"follow","max-snippet":"max-snippet:-1","max-image-preview":"max-image-preview:large","max-video-preview":"max-video-preview:-1"},"canonical":"https:\/\/www.autoskola-petra.cz\/index.php\/o-kurzu\/","og_locale":"cs_CZ","og_type":"article","og_title":"Auto\u0161kola s individu\u00e1ln\u00edm p\u0159\u00edstupem - Auto\u0161kola Pilcov\u00e1","og_description":"P\u0159ipojte se k n\u00e1m a zvl\u00e1dn\u011bte kurz auto\u0161koly na m\u00edru. Nau\u010d\u00edte se \u0159\u00eddit samostatn\u011b a bezpe\u010dn\u011b v re\u00e1ln\u00e9m provozu.","og_url":"https:\/\/www.autoskola-petra.cz\/index.php\/o-kurzu\/","og_site_name":"Auto\u0161kola Pilcov\u00e1","article_publisher":"https:\/\/www.facebook.com\/autoskola.petra.pilcova","article_modified_time":"2025-09-24T04:15:31+00:00","twitter_card":"summary_large_image","twitter_misc":{"Odhadovan\u00e1 doba \u010dten\u00ed":"4 minuty"},"schema":{"@context":"https:\/\/schema.org","@graph":[{"@type":"WebPage","@id":"https:\/\/www.autoskola-petra.cz\/index.php\/o-kurzu\/","url":"https:\/\/www.autoskola-petra.cz\/index.php\/o-kurzu\/","name":"Auto\u0161kola s individu\u00e1ln\u00edm p\u0159\u00edstupem - Auto\u0161kola Pilcov\u00e1","isPartOf":{"@id":"https:\/\/www.autoskola-petra.cz\/#website"},"datePublished":"2022-01-11T08:00:11+00:00","dateModified":"2025-09-24T04:15:31+00:00","description":"P\u0159ipojte se k n\u00e1m a zvl\u00e1dn\u011bte kurz auto\u0161koly na m\u00edru. Nau\u010d\u00edte se \u0159\u00eddit samostatn\u011b a bezpe\u010dn\u011b v re\u00e1ln\u00e9m provozu.","breadcrumb":{"@id":"https:\/\/www.autoskola-petra.cz\/index.php\/o-kurzu\/#breadcrumb"},"inLanguage":"cs","potentialAction":[{"@type":"ReadAction","target":["https:\/\/www.autoskola-petra.cz\/index.php\/o-kurzu\/"]}]},{"@type":"BreadcrumbList","@id":"https:\/\/www.autoskola-petra.cz\/index.php\/o-kurzu\/#breadcrumb","itemListElement":[{"@type":"ListItem","position":1,"name":"Dom\u016f","item":"https:\/\/www.autoskola-petra.cz\/"},{"@type":"ListItem","position":2,"name":"O kurzu"}]},{"@type":"WebSite","@id":"https:\/\/www.autoskola-petra.cz\/#website","url":"https:\/\/www.autoskola-petra.cz\/","name":"Auto\u0161kola Petra Pilcov\u00e1","description":"auto\u0161kola s \u00fasm\u011bvem","publisher":{"@id":"https:\/\/www.autoskola-petra.cz\/#organization"},"potentialAction":[{"@type":"SearchAction","target":{"@type":"EntryPoint","urlTemplate":"https:\/\/www.autoskola-petra.cz\/?s={search_term_string}"},"query-input":{"@type":"PropertyValueSpecification","valueRequired":true,"valueName":"search_term_string"}}],"inLanguage":"cs"},{"@type":"Organization","@id":"https:\/\/www.autoskola-petra.cz\/#organization","name":"Auto\u0161kola Petra Pilcov\u00e1","url":"https:\/\/www.autoskola-petra.cz\/","logo":{"@type":"ImageObject","inLanguage":"cs","@id":"https:\/\/www.autoskola-petra.cz\/#\/schema\/logo\/image\/","url":"https:\/\/www.autoskola-petra.cz\/wp-content\/uploads\/2022\/01\/272172466_480024636851059_3395595873616766619_n.png","contentUrl":"https:\/\/www.autoskola-petra.cz\/wp-content\/uploads\/2022\/01\/272172466_480024636851059_3395595873616766619_n.png","width":1530,"height":374,"caption":"Auto\u0161kola Petra Pilcov\u00e1"},"image":{"@id":"https:\/\/www.autoskola-petra.cz\/#\/schema\/logo\/image\/"},"sameAs":["https:\/\/www.facebook.com\/autoskola.petra.pilcova"]}]}},"_links":{"self":[{"href":"https:\/\/www.autoskola-petra.cz\/index.php\/wp-json\/wp\/v2\/pages\/151","targetHints":{"allow":["GET"]}}],"collection":[{"href":"https:\/\/www.autoskola-petra.cz\/index.php\/wp-json\/wp\/v2\/pages"}],"about":[{"href":"https:\/\/www.autoskola-petra.cz\/index.php\/wp-json\/wp\/v2\/types\/page"}],"author":[{"embeddable":true,"href":"https:\/\/www.autoskola-petra.cz\/index.php\/wp-json\/wp\/v2\/users\/1"}],"replies":[{"embeddable":true,"href":"https:\/\/www.autoskola-petra.cz\/index.php\/wp-json\/wp\/v2\/comments?post=151"}],"version-history":[{"count":27,"href":"https:\/\/www.autoskola-petra.cz\/index.php\/wp-json\/wp\/v2\/pages\/151\/revisions"}],"predecessor-version":[{"id":1205,"href":"https:\/\/www.autoskola-petra.cz\/index.php\/wp-json\/wp\/v2\/pages\/151\/revisions\/1205"}],"wp:attachment":[{"href":"https:\/\/www.autoskola-petra.cz\/index.php\/wp-json\/wp\/v2\/media?parent=151"}],"curies":[{"name":"wp","href":"https:\/\/api.w.org\/{rel}","templated":true}]}}